{"id":8970807,"date":"2023-11-12T15:25:30","date_gmt":"2023-11-12T14:25:30","guid":{"rendered":"https:\/\/salonsdumariage.be\/prestataire2\/lagence-photographique-2\/"},"modified":"2026-04-01T16:41:27","modified_gmt":"2026-04-01T14:41:27","slug":"lagence-photographique","status":"publish","type":"prestataire2","link":"https:\/\/salonsdumariage.be\/nl\/prestataires\/lagence-photographique\/","title":{"rendered":"L&#8217;Agence Photographique"},"content":{"rendered":"<h3><strong>La photo de mariage, notre passion !<\/strong><\/h3>\n<p>Carlos et moi, sommes deux photographes professionnels bas\u00e9s en Belgique. Notre amour commun pour les \u2018belles images\u2019 alliant naturel et esth\u00e9tique nous a amen\u00e9s \u00e0 nous consacrer plus sp\u00e9cifiquement \u00e0 la photo de mariage. Bien que cette discipline soit tr\u00e8s exigeante et demande une grande ma\u00eetrise, nous nous y sommes int\u00e9ress\u00e9s tr\u00e8s t\u00f4t, il y a plus de 15 ans aujourd\u2019hui, pour finalement devenir une vraie passion qui nous a trimball\u00e9e \u00e0 travers toute l\u2019Europe.<\/p>\n<p>Gr\u00e2ce \u00e0 notre exp\u00e9rience, nous avons acquis un certain savoir-faire que nous mettons au service des mari\u00e9s en proposant une philosophie de travail propre \u00e0 nous. En effet, nous pensons que le r\u00f4le du photographe ne se limite pas \u00e0 couvrir la seule journ\u00e9e du mariage. En effet,\u00a0notre travail d\u00e9bute bien avant le mariage, en guidant les mari\u00e9s dans l\u2019\u00e9laboration du planning et apr\u00e8s le mariage, dans la postproduction.<\/p>\n<p>Pour terminer, notre implication totale dans un mariage cr\u00e9e un lien fort avec les mari\u00e9s et leurs proches. Un lien qui perdure bien apr\u00e8s le mariage.<\/p>\n<h3><strong>\u00a0La cr\u00e9ation du planning<\/strong><\/h3>\n<p>Du point de vue de la photo, c\u2019est le premier \u00e9cueil. Il n\u2019y a pas de secret, pour r\u00e9aliser de belles photos certains crit\u00e8res comme le lieu, le timing sont les \u00e9l\u00e9ments fondamentaux qui permettent la r\u00e9alisation d\u2019un bon reportage. C\u2019est pourquoi, nous nous attachons \u00e0 passer du temps avec les mari\u00e9s au moment de l\u2019\u00e9laboration de leur planning.<\/p>\n<h3><strong>\u00a0Chaque mariage est diff\u00e9rent<\/strong><\/h3>\n<p>Il est important de faire de cette journ\u00e9e, une journ\u00e9e qui ressemble aux mari\u00e9s. Pour cela, nous les \u00a0guidons \u00a0en fonction de leurs envies. Nous nous int\u00e9ressons \u00e0 ce qu\u2019ils aiment mais aussi \u00e0 ce qu\u2019ils n\u2019aiment pas. Il n\u2019y a pas de limite dans ce que nous pouvons r\u00e9aliser et les d\u00e9lires les plus originaux sont des demandes que nous accueillons avec beaucoup de plaisir.<\/p>\n<h3><strong>Notre philosophie: du spontan\u00e9 loin du kitch<\/strong><\/h3>\n<p>En tant que passionn\u00e9s, nous abordons chaque mariage avec la m\u00eame \u00e9nergie. L\u2019objectif est de raconter une histoire, en retra\u00e7ant la journ\u00e9e. Pour cela, nous suivons les mari\u00e9s d\u00e8s la pr\u00e9paration de la mari\u00e9e jusqu\u2019\u00e0 la premi\u00e8re danse.<\/p>\n<h3><strong>20% de technique \u2026. et 80% de psychologie<\/strong><\/h3>\n<p>La plupart du temps les mari\u00e9s ne sont pas \u00e0 l\u2019aise devant un objectif et le trop plein d\u2019\u00e9motions peuvent perturber les prises de vue. Dans ce contexte, un grand sens d\u2019empathie est primordial ! Dans la recherche du naturel, notre r\u00f4le est bien entendu de mettre \u00e0 l\u2019aise les mari\u00e9s. Nous mettons en place une s\u00e9rie d\u2019astuces qui permettent d\u2019oublier que vous \u00eates pris en photos.<\/p>\n<h3><strong>Post-production<\/strong><\/h3>\n<p>Notre travail ne s\u2019arr\u00eate pas apr\u00e8s le mariage. Bien au contraire, la s\u00e9lection et la retouche constituent une \u00e9tape cruciale pour d\u00e9livrer un reportage coh\u00e9rent et irr\u00e9prochable visuellement.<\/p>\n<p>Cette recherche de qualit\u00e9 nous oblige \u00e0 y consacrer 2 \u00e0 4 jours. Cela repr\u00e9sente au final la charge de travail la importante dans le cadre d\u2019un reportage de mariage.<\/p>\n<p>Nous aimons rencontrer les futurs mari\u00e9s afin de leur montrer des mariages en entier pour qu\u2019ils puissent juger de la qualit\u00e9 du travail \u00e0 chaque instant de la journ\u00e9e. Mais le plus important, c\u2019est de voir si le feeling passe\u00a0!<\/p>\n<p>Au plaisir de vous rencontrer,<\/p>\n<p>Fabienne &amp; Carlos<\/p>\n","protected":false},"featured_media":197960,"template":"","meta":{"_seopress_robots_primary_cat":"","_seopress_titles_title":"","_seopress_titles_desc":"","_seopress_robots_index":"","_price":"","_stock":"","_tribe_ticket_header":"","_tribe_default_ticket_provider":"","_tribe_ticket_capacity":"0","_ticket_start_date":"","_ticket_end_date":"","_tribe_ticket_show_description":"","_tribe_ticket_show_not_going":false,"_tribe_ticket_use_global_stock":"","_tribe_ticket_global_stock_level":"","_global_stock_mode":"","_global_stock_cap":"","_tribe_rsvp_for_event":"","_tribe_ticket_going_count":"","_tribe_ticket_not_going_count":"","_tribe_tickets_list":"[]","_tribe_ticket_has_attendee_info_fields":false},"prestataire":[1895,1941],"class_list":["post-8970807","prestataire2","type-prestataire2","status-publish","has-post-thumbnail","hentry","prestataire-fotograaf","prestataire-video"],"_links":{"self":[{"href":"https:\/\/salonsdumariage.be\/nl\/wp-json\/wp\/v2\/prestataire2\/8970807","targetHints":{"allow":["GET"]}}],"collection":[{"href":"https:\/\/salonsdumariage.be\/nl\/wp-json\/wp\/v2\/prestataire2"}],"about":[{"href":"https:\/\/salonsdumariage.be\/nl\/wp-json\/wp\/v2\/types\/prestataire2"}],"wp:featuredmedia":[{"embeddable":true,"href":"https:\/\/salonsdumariage.be\/nl\/wp-json\/wp\/v2\/media\/197960"}],"wp:attachment":[{"href":"https:\/\/salonsdumariage.be\/nl\/wp-json\/wp\/v2\/media?parent=8970807"}],"wp:term":[{"taxonomy":"prestataire","embeddable":true,"href":"https:\/\/salonsdumariage.be\/nl\/wp-json\/wp\/v2\/prestataire?post=8970807"}],"curies":[{"name":"wp","href":"https:\/\/api.w.org\/{rel}","templated":true}]}}